{"id":72,"date":"2020-01-27T11:39:41","date_gmt":"2020-01-27T10:39:41","guid":{"rendered":"http:\/\/www.armons1.be\/?page_id=72"},"modified":"2026-01-13T09:46:32","modified_gmt":"2026-01-13T08:46:32","slug":"inscriptions-1ere","status":"publish","type":"page","link":"https:\/\/www.armons1.be\/index.php\/inscriptions-1ere\/","title":{"rendered":"Inscriptions 1ere"},"content":{"rendered":"<p>[et_pb_section fb_built=\u00a0\u00bb1&Prime; _builder_version=\u00a0\u00bb4.16&Prime; _module_preset=\u00a0\u00bbdefault\u00a0\u00bb background_enable_color=\u00a0\u00bboff\u00a0\u00bb background_image=\u00a0\u00bbhttps:\/\/www.armons1.be\/wp-content\/uploads\/2021\/01\/inscri.png\u00a0\u00bb background_size=\u00a0\u00bbcontain\u00a0\u00bb background_position=\u00a0\u00bbbottom_center\u00a0\u00bb transform_translate_linked=\u00a0\u00bboff\u00a0\u00bb min_height=\u00a0\u00bb500px\u00a0\u00bb custom_margin=\u00a0\u00bb0px||||false|false\u00a0\u00bb da_disable_devices=\u00a0\u00bboff|off|off\u00a0\u00bb global_colors_info=\u00a0\u00bb{}\u00a0\u00bb min_height__hover_enabled=\u00a0\u00bbon|desktop\u00a0\u00bb min_height__hover=\u00a0\u00bb500px\u00a0\u00bb da_is_popup=\u00a0\u00bboff\u00a0\u00bb da_exit_intent=\u00a0\u00bboff\u00a0\u00bb da_has_close=\u00a0\u00bbon\u00a0\u00bb da_alt_close=\u00a0\u00bboff\u00a0\u00bb da_dark_close=\u00a0\u00bboff\u00a0\u00bb da_not_modal=\u00a0\u00bbon\u00a0\u00bb da_is_singular=\u00a0\u00bboff\u00a0\u00bb da_with_loader=\u00a0\u00bboff\u00a0\u00bb da_has_shadow=\u00a0\u00bbon\u00a0\u00bb][\/et_pb_section][et_pb_section fb_built=\u00a0\u00bb1&Prime; _builder_version=\u00a0\u00bb4.27.2&Prime; use_background_color_gradient=\u00a0\u00bbon\u00a0\u00bb background_color_gradient_stops=\u00a0\u00bbrgba(7,4,4,0.06) 0%|rgba(17,15,15,0.1) 100%\u00a0\u00bb da_disable_devices=\u00a0\u00bboff|off|off\u00a0\u00bb global_colors_info=\u00a0\u00bb{}\u00a0\u00bb da_is_popup=\u00a0\u00bboff\u00a0\u00bb da_exit_intent=\u00a0\u00bboff\u00a0\u00bb da_has_close=\u00a0\u00bbon\u00a0\u00bb da_alt_close=\u00a0\u00bboff\u00a0\u00bb da_dark_close=\u00a0\u00bboff\u00a0\u00bb da_not_modal=\u00a0\u00bbon\u00a0\u00bb da_is_singular=\u00a0\u00bboff\u00a0\u00bb da_with_loader=\u00a0\u00bboff\u00a0\u00bb da_has_shadow=\u00a0\u00bbon\u00a0\u00bb][et_pb_row _builder_version=\u00a0\u00bb4.16&Prime; custom_margin=\u00a0\u00bb-50px||||false|false\u00a0\u00bb custom_margin_tablet=\u00a0\u00bb\u00a0\u00bb custom_margin_phone=\u00a0\u00bb\u00a0\u00bb custom_margin_last_edited=\u00a0\u00bbon|desktop\u00a0\u00bb global_colors_info=\u00a0\u00bb{}\u00a0\u00bb][et_pb_column type=\u00a0\u00bb4_4&Prime; _builder_version=\u00a0\u00bb4.16&Prime; global_colors_info=\u00a0\u00bb{}\u00a0\u00bb][et_pb_text disabled_on=\u00a0\u00bbon|on|on\u00a0\u00bb _builder_version=\u00a0\u00bb4.16&Prime; disabled=\u00a0\u00bbon\u00a0\u00bb global_colors_info=\u00a0\u00bb{}\u00a0\u00bb]<\/p>\n<p>Voil\u00e0, c&rsquo;est reparti !<\/p>\n<p>Les inscriptions en 1\u00e8re ont recommenc\u00e9 ce lundi 26\/04\/2021.<\/p>\n<p>Veuillez prendre rendez-vous aupr\u00e8s de Mme Lecomte au 065\/40.40.70<\/p>\n<p>Au plaisir de vous renseigner, rencontrer.<\/p>\n<p style=\"text-align: right;\">Fran\u00e7oise Colinia<\/p>\n<p style=\"text-align: right;\">Pr\u00e9f\u00e8te des \u00c9tudes<\/p>\n<p>[\/et_pb_text][et_pb_video_slider show_image_overlay=\u00a0\u00bbon\u00a0\u00bb disabled_on=\u00a0\u00bbon|on|on\u00a0\u00bb _builder_version=\u00a0\u00bb4.16&Prime; _module_preset=\u00a0\u00bbdefault\u00a0\u00bb disabled=\u00a0\u00bbon\u00a0\u00bb global_colors_info=\u00a0\u00bb{}\u00a0\u00bb][et_pb_video_slider_item src=\u00a0\u00bbhttps:\/\/www.armons1.be\/wp-content\/uploads\/2021\/01\/Visite-1.m4v\u00a0\u00bb src_webm=\u00a0\u00bbhttps:\/\/www.armons1.be\/wp-content\/uploads\/2021\/01\/Visite-1.webm\u00a0\u00bb image_src=\u00a0\u00bbhttps:\/\/www.armons1.be\/wp-content\/uploads\/2021\/01\/visi.jpg\u00a0\u00bb _builder_version=\u00a0\u00bb4.8.1&Prime; _module_preset=\u00a0\u00bbdefault\u00a0\u00bb global_colors_info=\u00a0\u00bb{}\u00a0\u00bb show_image_overlay=\u00a0\u00bbon\u00a0\u00bb][\/et_pb_video_slider_item][et_pb_video_slider_item src=\u00a0\u00bbhttps:\/\/www.armons1.be\/wp-content\/uploads\/2021\/01\/Capsule-2.m4v\u00a0\u00bb src_webm=\u00a0\u00bbhttps:\/\/www.armons1.be\/wp-content\/uploads\/2021\/01\/Capsule-2-Ok-1.webm\u00a0\u00bb image_src=\u00a0\u00bbhttps:\/\/www.armons1.be\/wp-content\/uploads\/2021\/01\/visi2.jpg\u00a0\u00bb _builder_version=\u00a0\u00bb4.8.1&Prime; _module_preset=\u00a0\u00bbdefault\u00a0\u00bb global_colors_info=\u00a0\u00bb{}\u00a0\u00bb show_image_overlay=\u00a0\u00bbon\u00a0\u00bb][\/et_pb_video_slider_item][et_pb_video_slider_item src=\u00a0\u00bbhttps:\/\/www.armons1.be\/wp-content\/uploads\/2021\/02\/Capsule-3.m4v\u00a0\u00bb src_webm=\u00a0\u00bbhttps:\/\/www.armons1.be\/wp-content\/uploads\/2021\/02\/Capsule-3.webm\u00a0\u00bb image_src=\u00a0\u00bbhttps:\/\/www.armons1.be\/wp-content\/uploads\/2021\/02\/capsule3.jpg\u00a0\u00bb _builder_version=\u00a0\u00bb4.8.1&Prime; _module_preset=\u00a0\u00bbdefault\u00a0\u00bb global_colors_info=\u00a0\u00bb{}\u00a0\u00bb show_image_overlay=\u00a0\u00bbon\u00a0\u00bb][\/et_pb_video_slider_item][\/et_pb_video_slider][et_pb_text _builder_version=\u00a0\u00bb4.27.4&Prime; _module_preset=\u00a0\u00bbdefault\u00a0\u00bb hover_enabled=\u00a0\u00bb0&Prime; global_colors_info=\u00a0\u00bb{}\u00a0\u00bb sticky_enabled=\u00a0\u00bb0&Prime;]<\/p>\n<h1 style=\"text-align: center;\"><span style=\"font-size: xx-large;\"><em><span style=\"text-decoration: underline;\"><strong>Inscriptions en premi\u00e8re ann\u00e9e secondaire<\/strong><\/span><\/em><\/span><\/h1>\n<p>&nbsp;<\/p>\n<div class=\"x11i5rnm xat24cr x1mh8g0r x1vvkbs xtlvy1s x126k92a\">\n<div dir=\"auto\" style=\"text-align: start;\">Les inscriptions se d\u00e9roulent du<span data-olk-copy-source=\"MessageBody\"> lundi 2 f\u00e9vrier 2026 au 6 mars 2026 (hors cong\u00e9s scolaires).<\/span> <br \/>Les inscriptions se font sur rendez-vous au 065\/40.40.79<\/div>\n<\/div>\n<div class=\"x11i5rnm xat24cr x1mh8g0r x1vvkbs xtlvy1s x126k92a\">\n<div dir=\"auto\" style=\"text-align: start;\">Lors de l\u2019inscription, vous devrez vous munir :<\/div>\n<ul>\n<li dir=\"auto\" style=\"text-align: start;\">du formulaire unique d\u2019inscription ;<\/li>\n<li dir=\"auto\" style=\"text-align: start;\">de la carte d\u2019identit\u00e9 de votre enfant ou d\u2019une vignette si vous n\u2019avez pas sa carte d\u2019identit\u00e9.<\/li>\n<\/ul>\n<p>Faire le choix :<\/p>\n<\/div>\n<div class=\"x11i5rnm xat24cr x1mh8g0r x1vvkbs xtlvy1s x126k92a\">\n<ul>\n<li dir=\"auto\" style=\"text-align: start;\">de l\u2019orientation (voir grilles)<\/li>\n<li dir=\"auto\" style=\"text-align: start;\">de la langue (n\u00e9erlandais ou anglais)<\/li>\n<li dir=\"auto\" style=\"text-align: start;\">du choix philosophique<\/li>\n<\/ul>\n<\/div>\n<p>&nbsp;<\/p>\n<p>[\/et_pb_text][et_pb_text _builder_version=\u00a0\u00bb4.17.4&Prime; _module_preset=\u00a0\u00bbdefault\u00a0\u00bb custom_padding=\u00a0\u00bb||0px|||\u00a0\u00bb global_colors_info=\u00a0\u00bb{}\u00a0\u00bb]<\/p>\n<p>Pour plus d&rsquo;informations sur le d\u00e9cret inscription, veuillez suivre le lien ci-dessous :<\/p>\n<p>[\/et_pb_text][et_pb_button button_url=\u00a0\u00bbhttps:\/\/inscription.cfwb.be\/\u00a0\u00bb button_text=\u00a0\u00bb D\u00e9cret Inscription \u00a0\u00bb button_alignment=\u00a0\u00bbcenter\u00a0\u00bb _builder_version=\u00a0\u00bb4.17.4&Prime; _module_preset=\u00a0\u00bbdefault\u00a0\u00bb global_colors_info=\u00a0\u00bb{}\u00a0\u00bb][\/et_pb_button][\/et_pb_column][\/et_pb_row][et_pb_row _builder_version=\u00a0\u00bb4.16&Prime; _module_preset=\u00a0\u00bbdefault\u00a0\u00bb global_colors_info=\u00a0\u00bb{}\u00a0\u00bb][et_pb_column type=\u00a0\u00bb4_4&Prime; _builder_version=\u00a0\u00bb4.16&Prime; _module_preset=\u00a0\u00bbdefault\u00a0\u00bb global_colors_info=\u00a0\u00bb{}\u00a0\u00bb][et_pb_text _builder_version=\u00a0\u00bb4.17.4&Prime; _module_preset=\u00a0\u00bbdefault\u00a0\u00bb global_colors_info=\u00a0\u00bb{}\u00a0\u00bb]<\/p>\n<p style=\"text-align: center;\"><span style=\"text-decoration: underline; font-size: xx-large;\"><strong>\u00a0Informations pratiques &#8211; Organisation de l&rsquo;\u00e9cole<\/strong> <\/span><\/p>\n<p>&nbsp;<\/p>\n<h4><span style=\"text-decoration: underline;\"><strong>Accueil des \u00e9l\u00e8ves de 7h15 \u00e0 17h15<\/strong><\/span><\/h4>\n<p><span style=\"text-decoration: underline;\"><strong><\/strong><\/span><\/p>\n<ul>\n<li>Accueil des \u00e9l\u00e8ves d\u00e8s 7h15<\/li>\n<li>Etudes surveill\u00e9es gratuites de 16h00 \u00e0 17h15<\/li>\n<\/ul>\n<p>&nbsp;<\/p>\n<p><strong style=\"color: #333333; font-size: 18px;\"><span style=\"text-decoration-line: underline;\">Horaire des cours<\/span><\/strong><\/p>\n<p><strong><span style=\"text-decoration: underline;\"><\/span><\/strong><\/p>\n<p>La matin\u00e9e est divis\u00e9e en 5 p\u00e9riodes de 50 minutes :<\/p>\n<ul>\n<li>de 8h10 \u00e0 9h00<\/li>\n<li>de 9h00 \u00e0 9h50<\/li>\n<li>de 9h50 \u00e0 10h40\n<ul>\n<li><strong><span style=\"color: #3366ff;\">R\u00e9cr\u00e9ation<\/span><\/strong><\/li>\n<\/ul>\n<\/li>\n<li>de 10h55 \u00e0 11h45<\/li>\n<li>de 11h45 \u00e0 12h35\n<ul>\n<li><strong><span style=\"color: #3366ff;\">Pause de midi<\/span><\/strong><\/li>\n<\/ul>\n<\/li>\n<\/ul>\n<p>L&rsquo;apr\u00e8s-midi est divis\u00e9e en 3 p\u00e9riodes de 50 minutes :<\/p>\n<ul>\n<li>de 13h30 \u00e0 14h20<\/li>\n<li>de 14h20 \u00e0 15h10<\/li>\n<li>de 15h10 \u00e0 16h00<\/li>\n<\/ul>\n<ul><\/ul>\n<h4><strong><span style=\"text-decoration: underline;\">Repas de midi<\/span><\/strong><\/h4>\n<p><strong><span style=\"text-decoration: underline;\"><\/span><\/strong><\/p>\n<p><strong>L&rsquo;Ath\u00e9n\u00e9e poss\u00e8de un restaurant self-service et une sandwicherie.<\/strong><\/p>\n<p>Le restaurant self-service propose :<\/p>\n<ul>\n<li>Menu du jour : potage, plat chaud, dessert, eau plate (3,50\u20ac)<\/li>\n<li>Petite restauration (fast) : assiette froide, entr\u00e9e, &#8230; (2,50\u20ac)<\/li>\n<li>Choix de sandwichs : (2,50\u20ac)<\/li>\n<li>Potage (0,50\u20ac)<\/li>\n<\/ul>\n<p>Les \u00e9l\u00e8ves disposent \u00e9galement gratuitement de fontaines \u00e0 eau r\u00e9parties \u00e0 divers endroits de l&rsquo;\u00e9tablissement.<\/p>\n<p>A la r\u00e9cr\u00e9ation du matin, jus de fruit press\u00e9 devant vous au prix de 1\u20ac (fruits diff\u00e9rents en fonction des saisons), ou fruits non trait\u00e9s \u00e0 croquer au prix de 0,50\u20ac.<\/p>\n<p>Les prix sont susceptibles d&rsquo;\u00eatre revus \u00e0 la hausse en fonction des prix du march\u00e9.<\/p>\n<h4><strong><span style=\"text-decoration: underline;\">Forfait pr\u00eat du livre-photocopies<\/span><\/strong><\/h4>\n<p><strong><span style=\"text-decoration: underline;\"><\/span><\/strong><\/p>\n<p>Afin d&rsquo;\u00e9viter aux \u00e9l\u00e8ves d&rsquo;\u00eatre trop souvent en possession d&rsquo;argent, nous demandons aux parents d&rsquo;acquitter la somme de 75\u20ac. Ce forfait, demand\u00e9 <strong>une seule fois par ann\u00e9e scolair<\/strong>e, couvrira tous les frais de photocopies, le cahier d&rsquo;avis et le pr\u00eat du livre. Le T-shirt d&rsquo;\u00e9ducation physique est offert aux \u00e9l\u00e8ves de 1\u00e8re ann\u00e9e.<\/p>\n<p><strong>\u00a0<\/strong><\/p>\n<h4><span style=\"text-decoration: underline;\"><strong>Journaux de classe<\/strong><\/span><\/h4>\n<p><span style=\"text-decoration: underline;\"><strong><\/strong><\/span><\/p>\n<p>La F\u00e9d\u00e9ration Wallonie-Bruxelles fait \u00e9diter, par l&rsquo;interm\u00e9diaire de son Centre technique et p\u00e9dagogique, des journaux de classe propre aux \u00e9coles de l&rsquo;Enseignement organis\u00e9 par la f\u00e9d\u00e9ration Wallonie-Bruxelles.<\/p>\n<p><strong>Nous demandons donc aux parents de ne pas acheter les journaux de classe.<\/strong> Ils sont distribu\u00e9s par nos soins. On y trouve <strong>diverses informations propres aux \u00e9coles<\/strong> de la F\u00e9d\u00e9ration Wallonie-Bruxelles.<\/p>\n<h4><strong><span style=\"text-decoration: underline;\">Casiers<\/span><\/strong><\/h4>\n<p><strong><span style=\"text-decoration: underline;\"><\/span><\/strong><\/p>\n<p>Possibilit\u00e9 de louer un casier (priorit\u00e9 donn\u00e9e aux \u00e9l\u00e8ve du 1er degr\u00e9) au prix de 15\u20ac de location et 10\u20ac de caution.<\/p>\n<p>[\/et_pb_text][\/et_pb_column][\/et_pb_row][\/et_pb_section]<\/p>\n","protected":false},"excerpt":{"rendered":"<p>Voil\u00e0, c&rsquo;est reparti ! Les inscriptions en 1\u00e8re ont recommenc\u00e9 ce lundi 26\/04\/2021. Veuillez prendre rendez-vous aupr\u00e8s de Mme Lecomte au 065\/40.40.70 Au plaisir de vous renseigner, rencontrer. Fran\u00e7oise Colinia Pr\u00e9f\u00e8te des \u00c9tudesInscriptions en premi\u00e8re ann\u00e9e secondaire &nbsp; Les inscriptions se d\u00e9roulent du lundi 2 f\u00e9vrier 2026 au 6 mars 2026 (hors cong\u00e9s scolaires). Les [&hellip;]<\/p>\n","protected":false},"author":1,"featured_media":0,"parent":0,"menu_order":0,"comment_status":"closed","ping_status":"closed","template":"","meta":{"_et_pb_use_builder":"on","_et_pb_old_content":"","_et_gb_content_width":"","footnotes":""},"class_list":["post-72","page","type-page","status-publish","hentry"],"_links":{"self":[{"href":"https:\/\/www.armons1.be\/index.php\/wp-json\/wp\/v2\/pages\/72","targetHints":{"allow":["GET"]}}],"collection":[{"href":"https:\/\/www.armons1.be\/index.php\/wp-json\/wp\/v2\/pages"}],"about":[{"href":"https:\/\/www.armons1.be\/index.php\/wp-json\/wp\/v2\/types\/page"}],"author":[{"embeddable":true,"href":"https:\/\/www.armons1.be\/index.php\/wp-json\/wp\/v2\/users\/1"}],"replies":[{"embeddable":true,"href":"https:\/\/www.armons1.be\/index.php\/wp-json\/wp\/v2\/comments?post=72"}],"version-history":[{"count":31,"href":"https:\/\/www.armons1.be\/index.php\/wp-json\/wp\/v2\/pages\/72\/revisions"}],"predecessor-version":[{"id":3977,"href":"https:\/\/www.armons1.be\/index.php\/wp-json\/wp\/v2\/pages\/72\/revisions\/3977"}],"wp:attachment":[{"href":"https:\/\/www.armons1.be\/index.php\/wp-json\/wp\/v2\/media?parent=72"}],"curies":[{"name":"wp","href":"https:\/\/api.w.org\/{rel}","templated":true}]}}